{"id":1167,"date":"2024-10-08T11:48:57","date_gmt":"2024-10-08T09:48:57","guid":{"rendered":"https:\/\/www.citadelledesisteron.fr\/?page_id=1167"},"modified":"2026-03-31T10:07:10","modified_gmt":"2026-03-31T08:07:10","slug":"mediation-phase-1","status":"publish","type":"page","link":"https:\/\/www.citadelledesisteron.fr\/en\/mediation-phase-1\/","title":{"rendered":"Mus\u00e9o &#8211; Phase 1"},"content":{"rendered":"<h3 class=\"wp-block-heading has-text-align-center\"><mark style=\"background-color:rgba(0, 0, 0, 0);color:#2394c6\" class=\"has-inline-color\">R\u00e9alisation du&nbsp;projet de mus\u00e9ographie immersive et intemporelle&nbsp;de la Citadelle de Sisteron. <br><\/mark><mark style=\"background-color:rgba(0, 0, 0, 0)\" class=\"has-inline-color has-black-color\">Premi\u00e8re tranche<\/mark><\/h3>\n\n\n\n<p class=\"has-text-align-justify\">Apr\u00e8s une phase d\u2019\u00e9tude d\u00e9taill\u00e9e, l\u2019association Arts Th\u00e9\u00e2tre Monuments lance le projet de valorisation de la Citadelle de Sisteron&nbsp;!<\/p>\n\n\n\n<p><strong>Le co\u00fbt total du projet s\u2019\u00e9l\u00e8ve \u00e0 538&nbsp;365 \u20ac TTC.<\/strong> Cette r\u00e9alisation est financ\u00e9e par :<\/p>\n\n\n\n<p class=\"has-text-align-center\"><strong>L\u2019Europe (aide europ\u00e9enne FEDER \u2013 Programmation 2021-2027)\u00a0:<\/strong><br>270\u00a0270 \u20ac HT.<br><strong>L\u2019\u00c9tat (fonds accord\u00e9s au titre du Fonds National pour l\u2019am\u00e9nagement du territoire \u2013 FNADT)\u00a0:<\/strong><br>53\u00a0836 \u20ac TTC.<br><strong>La R\u00e9gion SUD &#8211; Provence Alpes C\u00f4te d&rsquo;Azur\u00a0:<\/strong><br>53\u00a0836 \u20ac TTC.<br><strong>Arts Th\u00e9\u00e2tre Monuments\u00a0:<\/strong><br>160\u00a0423 \u20ac TTC<\/p>\n\n\n\n<p class=\"has-text-align-justify\">Avec la confiance de la commune de Sisteron, propri\u00e9taire du monument.<\/p>\n\n\n\n<figure class=\"wp-block-image size-full\"><img loading=\"lazy\" decoding=\"async\" width=\"784\" height=\"87\" src=\"https:\/\/www.citadelledesisteron.fr\/wp-content\/uploads\/2025\/02\/PANNEAU-A1-COFIN.png\" alt=\"\" class=\"wp-image-1309\" srcset=\"https:\/\/www.citadelledesisteron.fr\/wp-content\/uploads\/2025\/02\/PANNEAU-A1-COFIN.png 784w, https:\/\/www.citadelledesisteron.fr\/wp-content\/uploads\/2025\/02\/PANNEAU-A1-COFIN-300x33.png 300w, https:\/\/www.citadelledesisteron.fr\/wp-content\/uploads\/2025\/02\/PANNEAU-A1-COFIN-768x85.png 768w, https:\/\/www.citadelledesisteron.fr\/wp-content\/uploads\/2025\/02\/PANNEAU-A1-COFIN-18x2.png 18w\" sizes=\"auto, (max-width: 784px) 100vw, 784px\" \/><\/figure>\n\n\n\n<div class=\"wp-block-buttons is-content-justification-center is-layout-flex wp-container-core-buttons-is-layout-16018d1d wp-block-buttons-is-layout-flex\">\n<div class=\"wp-block-button has-custom-width wp-block-button__width-50 is-style-outline has-mobile-text-align-center is-style-outline--1\"><a class=\"wp-block-button__link has-white-color has-text-color has-background has-link-color has-medium-font-size has-text-align-center has-custom-font-size wp-element-button\" href=\"https:\/\/www.citadelledesisteron.fr\/en\/la-mise-en-oeuvre-et-le-suivi\/\" style=\"border-radius:15px;background:linear-gradient(90deg,rgba(6,147,227,1) 0%,rgb(155,81,224) 100%)\">\u25b6  <strong>MISE EN OEUVRE ET SUIVI<\/strong><\/a><\/div>\n<\/div>\n\n\n\n<h3 class=\"wp-block-heading\"><mark style=\"background-color:rgba(0, 0, 0, 0);color:#2394c6\" class=\"has-inline-color\">Travaux et r\u00e9alisations &#8211; Carte<\/mark> <\/h3>\n\n\n\n<p class=\"has-text-align-center\"><\/p>\n\n\n\n<p><strong>Calendrier de R\u00e9alisation<\/strong><\/p>\n\n\n<div class=\"wp-block-image\">\n<figure class=\"aligncenter is-resized\"><img loading=\"lazy\" decoding=\"async\" width=\"512\" height=\"512\" src=\"https:\/\/www.citadelledesisteron.fr\/wp-content\/uploads\/2024\/10\/calendrier-1.png\" alt=\"\" class=\"wp-image-1062\" style=\"width:82px;height:auto\" srcset=\"https:\/\/www.citadelledesisteron.fr\/wp-content\/uploads\/2024\/10\/calendrier-1.png 512w, https:\/\/www.citadelledesisteron.fr\/wp-content\/uploads\/2024\/10\/calendrier-1-300x300.png 300w, https:\/\/www.citadelledesisteron.fr\/wp-content\/uploads\/2024\/10\/calendrier-1-150x150.png 150w, https:\/\/www.citadelledesisteron.fr\/wp-content\/uploads\/2024\/10\/calendrier-1-12x12.png 12w\" sizes=\"auto, (max-width: 512px) 100vw, 512px\" \/><\/figure>\n<\/div>\n\n\n<p class=\"has-text-align-justify\">L\u2019\u00e9ch\u00e9ance de la premi\u00e8re phase de ce projet ambitieux est pr\u00e9vue pour le&nbsp;<strong>31 d\u00e9cembre 2025<\/strong>.<br>Toute l\u2019\u00e9quipe est impatiente de partager cette aventure avec vous !<\/p>\n\n\n\n<p><\/p>","protected":false},"excerpt":{"rendered":"<p>La Citadelle s&rsquo;adapte et se modernise ! <\/p>","protected":false},"author":3,"featured_media":0,"parent":0,"menu_order":0,"comment_status":"closed","ping_status":"closed","template":"","meta":{"_editorskit_title_hidden":false,"_editorskit_reading_time":0,"_editorskit_is_block_options_detached":false,"_editorskit_block_options_position":"{}","om_disable_all_campaigns":false,"_monsterinsights_skip_tracking":false,"_monsterinsights_sitenote_active":false,"_monsterinsights_sitenote_note":"","_monsterinsights_sitenote_category":0,"footnotes":""},"class_list":["post-1167","page","type-page","status-publish","hentry"],"yoast_head":"<!-- This site is optimized with the Yoast SEO plugin v27.5 - https:\/\/yoast.com\/product\/yoast-seo-wordpress\/ -->\n<title>Mus\u00e9o - Phase 1 - Citadelle de Sisteron<\/title>\n<meta name=\"robots\" content=\"index, follow, max-snippet:-1, max-image-preview:large, max-video-preview:-1\" \/>\n<link rel=\"canonical\" href=\"https:\/\/www.citadelledesisteron.fr\/en\/mediation-phase-1\/\" \/>\n<meta property=\"og:locale\" content=\"en_GB\" \/>\n<meta property=\"og:type\" content=\"article\" \/>\n<meta property=\"og:title\" content=\"Mus\u00e9o - Phase 1 - Citadelle de Sisteron\" \/>\n<meta property=\"og:description\" content=\"La Citadelle s&#039;adapte et se modernise !\" \/>\n<meta property=\"og:url\" content=\"https:\/\/www.citadelledesisteron.fr\/en\/mediation-phase-1\/\" \/>\n<meta property=\"og:site_name\" content=\"Citadelle de Sisteron\" \/>\n<meta property=\"article:publisher\" content=\"https:\/\/www.facebook.com\/citadelledesisteron\/\" \/>\n<meta property=\"article:modified_time\" content=\"2026-03-31T08:07:10+00:00\" \/>\n<meta property=\"og:image\" content=\"https:\/\/www.citadelledesisteron.fr\/wp-content\/uploads\/2025\/02\/PANNEAU-A1-COFIN.png\" \/>\n\t<meta property=\"og:image:width\" content=\"784\" \/>\n\t<meta property=\"og:image:height\" content=\"87\" \/>\n\t<meta property=\"og:image:type\" content=\"image\/png\" \/>\n<meta name=\"twitter:card\" content=\"summary_large_image\" \/>\n<meta name=\"twitter:label1\" content=\"Estimated reading time\" \/>\n\t<meta name=\"twitter:data1\" content=\"2 minutes\" \/>\n<script type=\"application\/ld+json\" class=\"yoast-schema-graph\">{\"@context\":\"https:\\\/\\\/schema.org\",\"@graph\":[{\"@type\":\"WebPage\",\"@id\":\"https:\\\/\\\/www.citadelledesisteron.fr\\\/mediation-phase-1\\\/\",\"url\":\"https:\\\/\\\/www.citadelledesisteron.fr\\\/mediation-phase-1\\\/\",\"name\":\"Mus\u00e9o - Phase 1 - Citadelle de Sisteron\",\"isPartOf\":{\"@id\":\"https:\\\/\\\/www.citadelledesisteron.fr\\\/#website\"},\"primaryImageOfPage\":{\"@id\":\"https:\\\/\\\/www.citadelledesisteron.fr\\\/mediation-phase-1\\\/#primaryimage\"},\"image\":{\"@id\":\"https:\\\/\\\/www.citadelledesisteron.fr\\\/mediation-phase-1\\\/#primaryimage\"},\"thumbnailUrl\":\"https:\\\/\\\/www.citadelledesisteron.fr\\\/wp-content\\\/uploads\\\/2025\\\/02\\\/PANNEAU-A1-COFIN.png\",\"datePublished\":\"2024-10-08T09:48:57+00:00\",\"dateModified\":\"2026-03-31T08:07:10+00:00\",\"breadcrumb\":{\"@id\":\"https:\\\/\\\/www.citadelledesisteron.fr\\\/mediation-phase-1\\\/#breadcrumb\"},\"inLanguage\":\"en-GB\",\"potentialAction\":[{\"@type\":\"ReadAction\",\"target\":[\"https:\\\/\\\/www.citadelledesisteron.fr\\\/mediation-phase-1\\\/\"]}]},{\"@type\":\"ImageObject\",\"inLanguage\":\"en-GB\",\"@id\":\"https:\\\/\\\/www.citadelledesisteron.fr\\\/mediation-phase-1\\\/#primaryimage\",\"url\":\"https:\\\/\\\/www.citadelledesisteron.fr\\\/wp-content\\\/uploads\\\/2025\\\/02\\\/PANNEAU-A1-COFIN.png\",\"contentUrl\":\"https:\\\/\\\/www.citadelledesisteron.fr\\\/wp-content\\\/uploads\\\/2025\\\/02\\\/PANNEAU-A1-COFIN.png\"},{\"@type\":\"BreadcrumbList\",\"@id\":\"https:\\\/\\\/www.citadelledesisteron.fr\\\/mediation-phase-1\\\/#breadcrumb\",\"itemListElement\":[{\"@type\":\"ListItem\",\"position\":1,\"name\":\"Accueil\",\"item\":\"https:\\\/\\\/www.citadelledesisteron.fr\\\/\"},{\"@type\":\"ListItem\",\"position\":2,\"name\":\"Mus\u00e9o &#8211; Phase 1\"}]},{\"@type\":\"WebSite\",\"@id\":\"https:\\\/\\\/www.citadelledesisteron.fr\\\/#website\",\"url\":\"https:\\\/\\\/www.citadelledesisteron.fr\\\/\",\"name\":\"Citadelle de Sisteron\",\"description\":\"Un site utilisant WordPress\",\"publisher\":{\"@id\":\"https:\\\/\\\/www.citadelledesisteron.fr\\\/#organization\"},\"potentialAction\":[{\"@type\":\"SearchAction\",\"target\":{\"@type\":\"EntryPoint\",\"urlTemplate\":\"https:\\\/\\\/www.citadelledesisteron.fr\\\/?s={search_term_string}\"},\"query-input\":{\"@type\":\"PropertyValueSpecification\",\"valueRequired\":true,\"valueName\":\"search_term_string\"}}],\"inLanguage\":\"en-GB\"},{\"@type\":\"Organization\",\"@id\":\"https:\\\/\\\/www.citadelledesisteron.fr\\\/#organization\",\"name\":\"Citadelle de Sisteron\",\"url\":\"https:\\\/\\\/www.citadelledesisteron.fr\\\/\",\"logo\":{\"@type\":\"ImageObject\",\"inLanguage\":\"en-GB\",\"@id\":\"https:\\\/\\\/www.citadelledesisteron.fr\\\/#\\\/schema\\\/logo\\\/image\\\/\",\"url\":\"https:\\\/\\\/www.citadelledesisteron.fr\\\/wp-content\\\/uploads\\\/2022\\\/06\\\/cropped-citadelleSisteron.png\",\"contentUrl\":\"https:\\\/\\\/www.citadelledesisteron.fr\\\/wp-content\\\/uploads\\\/2022\\\/06\\\/cropped-citadelleSisteron.png\",\"width\":835,\"height\":231,\"caption\":\"Citadelle de Sisteron\"},\"image\":{\"@id\":\"https:\\\/\\\/www.citadelledesisteron.fr\\\/#\\\/schema\\\/logo\\\/image\\\/\"},\"sameAs\":[\"https:\\\/\\\/www.facebook.com\\\/citadelledesisteron\\\/\",\"https:\\\/\\\/www.youtube.com\\\/channel\\\/UC3a5Quz-UGKoYbE23Y_NTyg\",\"https:\\\/\\\/www.instagram.com\\\/citadelledesisteron\\\/?hl=fr\"]}]}<\/script>\n<!-- \/ Yoast SEO plugin. -->","yoast_head_json":{"title":"Mus\u00e9o - Phase 1 - Citadelle de Sisteron","robots":{"index":"index","follow":"follow","max-snippet":"max-snippet:-1","max-image-preview":"max-image-preview:large","max-video-preview":"max-video-preview:-1"},"canonical":"https:\/\/www.citadelledesisteron.fr\/en\/mediation-phase-1\/","og_locale":"en_GB","og_type":"article","og_title":"Mus\u00e9o - Phase 1 - Citadelle de Sisteron","og_description":"La Citadelle s'adapte et se modernise !","og_url":"https:\/\/www.citadelledesisteron.fr\/en\/mediation-phase-1\/","og_site_name":"Citadelle de Sisteron","article_publisher":"https:\/\/www.facebook.com\/citadelledesisteron\/","article_modified_time":"2026-03-31T08:07:10+00:00","og_image":[{"width":784,"height":87,"url":"https:\/\/www.citadelledesisteron.fr\/wp-content\/uploads\/2025\/02\/PANNEAU-A1-COFIN.png","type":"image\/png"}],"twitter_card":"summary_large_image","twitter_misc":{"Estimated reading time":"2 minutes"},"schema":{"@context":"https:\/\/schema.org","@graph":[{"@type":"WebPage","@id":"https:\/\/www.citadelledesisteron.fr\/mediation-phase-1\/","url":"https:\/\/www.citadelledesisteron.fr\/mediation-phase-1\/","name":"Mus\u00e9o - Phase 1 - Citadelle de Sisteron","isPartOf":{"@id":"https:\/\/www.citadelledesisteron.fr\/#website"},"primaryImageOfPage":{"@id":"https:\/\/www.citadelledesisteron.fr\/mediation-phase-1\/#primaryimage"},"image":{"@id":"https:\/\/www.citadelledesisteron.fr\/mediation-phase-1\/#primaryimage"},"thumbnailUrl":"https:\/\/www.citadelledesisteron.fr\/wp-content\/uploads\/2025\/02\/PANNEAU-A1-COFIN.png","datePublished":"2024-10-08T09:48:57+00:00","dateModified":"2026-03-31T08:07:10+00:00","breadcrumb":{"@id":"https:\/\/www.citadelledesisteron.fr\/mediation-phase-1\/#breadcrumb"},"inLanguage":"en-GB","potentialAction":[{"@type":"ReadAction","target":["https:\/\/www.citadelledesisteron.fr\/mediation-phase-1\/"]}]},{"@type":"ImageObject","inLanguage":"en-GB","@id":"https:\/\/www.citadelledesisteron.fr\/mediation-phase-1\/#primaryimage","url":"https:\/\/www.citadelledesisteron.fr\/wp-content\/uploads\/2025\/02\/PANNEAU-A1-COFIN.png","contentUrl":"https:\/\/www.citadelledesisteron.fr\/wp-content\/uploads\/2025\/02\/PANNEAU-A1-COFIN.png"},{"@type":"BreadcrumbList","@id":"https:\/\/www.citadelledesisteron.fr\/mediation-phase-1\/#breadcrumb","itemListElement":[{"@type":"ListItem","position":1,"name":"Accueil","item":"https:\/\/www.citadelledesisteron.fr\/"},{"@type":"ListItem","position":2,"name":"Mus\u00e9o &#8211; Phase 1"}]},{"@type":"WebSite","@id":"https:\/\/www.citadelledesisteron.fr\/#website","url":"https:\/\/www.citadelledesisteron.fr\/","name":"Citadelle de Sisteron","description":"Un site utilisant WordPress","publisher":{"@id":"https:\/\/www.citadelledesisteron.fr\/#organization"},"potentialAction":[{"@type":"SearchAction","target":{"@type":"EntryPoint","urlTemplate":"https:\/\/www.citadelledesisteron.fr\/?s={search_term_string}"},"query-input":{"@type":"PropertyValueSpecification","valueRequired":true,"valueName":"search_term_string"}}],"inLanguage":"en-GB"},{"@type":"Organization","@id":"https:\/\/www.citadelledesisteron.fr\/#organization","name":"Citadelle de Sisteron","url":"https:\/\/www.citadelledesisteron.fr\/","logo":{"@type":"ImageObject","inLanguage":"en-GB","@id":"https:\/\/www.citadelledesisteron.fr\/#\/schema\/logo\/image\/","url":"https:\/\/www.citadelledesisteron.fr\/wp-content\/uploads\/2022\/06\/cropped-citadelleSisteron.png","contentUrl":"https:\/\/www.citadelledesisteron.fr\/wp-content\/uploads\/2022\/06\/cropped-citadelleSisteron.png","width":835,"height":231,"caption":"Citadelle de Sisteron"},"image":{"@id":"https:\/\/www.citadelledesisteron.fr\/#\/schema\/logo\/image\/"},"sameAs":["https:\/\/www.facebook.com\/citadelledesisteron\/","https:\/\/www.youtube.com\/channel\/UC3a5Quz-UGKoYbE23Y_NTyg","https:\/\/www.instagram.com\/citadelledesisteron\/?hl=fr"]}]}},"_links":{"self":[{"href":"https:\/\/www.citadelledesisteron.fr\/en\/wp-json\/wp\/v2\/pages\/1167","targetHints":{"allow":["GET"]}}],"collection":[{"href":"https:\/\/www.citadelledesisteron.fr\/en\/wp-json\/wp\/v2\/pages"}],"about":[{"href":"https:\/\/www.citadelledesisteron.fr\/en\/wp-json\/wp\/v2\/types\/page"}],"author":[{"embeddable":true,"href":"https:\/\/www.citadelledesisteron.fr\/en\/wp-json\/wp\/v2\/users\/3"}],"replies":[{"embeddable":true,"href":"https:\/\/www.citadelledesisteron.fr\/en\/wp-json\/wp\/v2\/comments?post=1167"}],"version-history":[{"count":33,"href":"https:\/\/www.citadelledesisteron.fr\/en\/wp-json\/wp\/v2\/pages\/1167\/revisions"}],"predecessor-version":[{"id":1737,"href":"https:\/\/www.citadelledesisteron.fr\/en\/wp-json\/wp\/v2\/pages\/1167\/revisions\/1737"}],"wp:attachment":[{"href":"https:\/\/www.citadelledesisteron.fr\/en\/wp-json\/wp\/v2\/media?parent=1167"}],"curies":[{"name":"wp","href":"https:\/\/api.w.org\/{rel}","templated":true}]}}